{"id":11451,"date":"2025-08-11T11:37:31","date_gmt":"2025-08-11T10:37:31","guid":{"rendered":"https:\/\/meridianglobalservices.com\/?page_id=11451"},"modified":"2026-09-04T16:09:51","modified_gmt":"2026-09-04T15:09:51","slug":"equipe-meridienne","status":"publish","type":"page","link":"https:\/\/meridianglobalservices.com\/fr\/meridian-team\/","title":{"rendered":"L'\u00e9quipe Meridian"},"content":{"rendered":"<div class=\"wpb-content-wrapper\" id=\"wpb-content-root\"><div data-vc-full-width=\"true\" data-vc-full-width-init=\"false\" class=\"vc_row wpb_row vc_row-fluid vc_custom_1515753562803 vc_row-has-fill vc_row-has-padding-top\"><div class=\"wpb_column vc_column_container vc_col-sm-12\"><div class=\"vc_column-inner vc_custom_1515753185470\"><div class=\"wpb_wrapper\"><header class=\"kd-section-title vc_col-lg-6 vc_col-sm-8 text-center solid-line sep-border-width-2     vc_custom_1754909486771\" ><h2 class=\"separator_on\" >Rencontrer l'\u00e9quipe Meridian<\/h2><div class=\"kd-separator below_title\" ><div class=\"kd-separator-line\" ><\/div><\/div><h6 class=\"subtitle\" >Faites connaissance avec l'\u00e9quipe qui se cache derri\u00e8re Meridian.<\/h6><\/header><div class=\"vc_row wpb_row vc_inner vc_row-fluid vc_custom_1754918203835 vc_row-has-padding-bottom\"><div class=\"wpb_column vc_column_container vc_col-sm-4\"><div class=\"vc_column-inner vc_custom_1515753194795\"><div class=\"wpb_wrapper\"><div class=\"team-member design-classic\" >\r\n                    <div class=\"team-content\">\r\n                        <div class=\"team-image-overlay\"><\/div>\r\n                        <div class=\"team-image\"><img loading=\"lazy\" decoding=\"async\" width=\"1400\" height=\"1700\" src=\"https:\/\/meridianglobalservices.com\/wp-content\/uploads\/2025\/08\/naz_1400x700.jpg\" class=\"attachment-full\" alt=\"\" title=\"naz_1400x700\" srcset=\"https:\/\/meridianglobalservices.com\/wp-content\/uploads\/2025\/08\/naz_1400x700.jpg 1400w, https:\/\/meridianglobalservices.com\/wp-content\/uploads\/2025\/08\/naz_1400x700-247x300.jpg 247w, https:\/\/meridianglobalservices.com\/wp-content\/uploads\/2025\/08\/naz_1400x700-843x1024.jpg 843w, https:\/\/meridianglobalservices.com\/wp-content\/uploads\/2025\/08\/naz_1400x700-768x933.jpg 768w, https:\/\/meridianglobalservices.com\/wp-content\/uploads\/2025\/08\/naz_1400x700-1265x1536.jpg 1265w, https:\/\/meridianglobalservices.com\/wp-content\/uploads\/2025\/08\/naz_1400x700-10x12.jpg 10w\" sizes=\"auto, (max-width: 1400px) 100vw, 1400px\" data-attachment-id=\"11480\" data-permalink=\"https:\/\/meridianglobalservices.com\/fr\/meridian-team\/naz_1400x700\/\" data-orig-file=\"https:\/\/meridianglobalservices.com\/wp-content\/uploads\/2025\/08\/naz_1400x700.jpg\" data-orig-size=\"1400,1700\" data-comments-opened=\"0\" data-image-meta=\"{&quot;aperture&quot;:&quot;0&quot;,&quot;credit&quot;:&quot;&quot;,&quot;camera&quot;:&quot;&quot;,&quot;caption&quot;:&quot;&quot;,&quot;created_timestamp&quot;:&quot;0&quot;,&quot;copyright&quot;:&quot;&quot;,&quot;focal_length&quot;:&quot;0&quot;,&quot;iso&quot;:&quot;0&quot;,&quot;shutter_speed&quot;:&quot;0&quot;,&quot;title&quot;:&quot;&quot;,&quot;orientation&quot;:&quot;1&quot;}\" data-image-title=\"naz_1400x700\" data-image-description=\"\" data-image-caption=\"\" data-large-file=\"https:\/\/meridianglobalservices.com\/wp-content\/uploads\/2025\/08\/naz_1400x700-843x1024.jpg\" \/><\/div>\r\n                        <div class=\"team-content-text\" >\r\n                        <div class=\"team-content-text-inner\">\r\n                        <h4 >Nazar Zaidi<\/h4>\r\n                        <span class=\"team-subtitle\" >Directeur de la gestion des produits<\/span>\r\n                        <p >Nazar est actuellement directeur de la gestion des produits au sein de l'activit\u00e9 de technologie fiscale. Nazar a rejoint Meridian en tant que manager au sein de Meridian International VAT Consultancy (MIVC) avant de rejoindre l'\u00e9quipe Tax Technology en 2011.<\/p>\n<p>Nazar a une connaissance approfondie de la complexit\u00e9 de la TVA associ\u00e9e aux cha\u00eenes d'approvisionnement transfrontali\u00e8res (en particulier au sein de l'UE) et de la mani\u00e8re de g\u00e9rer ces flux dans SAP. Il collabore \u00e9troitement avec les clients strat\u00e9giques de Meridian afin de s'assurer que leurs flux d'activit\u00e9s complexes et leurs exigences sont correctement cartographi\u00e9s et int\u00e9gr\u00e9s de mani\u00e8re transparente dans le portefeuille de produits de Meridian, garantissant ainsi la conformit\u00e9 \u00e0 la TVA de chaque transaction.<\/p>\n<p>Nazar a commenc\u00e9 sa carri\u00e8re chez Deloitte, en tant que consultant en TVA au Royaume-Uni, o\u00f9 il s'est qualifi\u00e9 aupr\u00e8s de l'Association of Taxation Technicians. Il a ensuite occup\u00e9 un poste dans le domaine de la TVA au sein de T-Mobile.<\/p><\/div>\r\n                        <div class=\"team-socials\"><a href=\"https:\/\/www.linkedin.com\/in\/nazar-zaidi-8304801\/\" target=\"_blank\" rel=\"noopener\"><span class=\"fab fa-linkedin-in\" ><\/span><\/a><\/div>\r\n                    <\/div>\r\n                    <\/div>\r\n                <\/div><\/div><\/div><\/div><div class=\"wpb_column vc_column_container vc_col-sm-4\"><div class=\"vc_column-inner vc_custom_1515753201195\"><div class=\"wpb_wrapper\"><div class=\"team-member design-classic\" >\r\n                    <div class=\"team-content\">\r\n                        <div class=\"team-image-overlay\"><\/div>\r\n                        <div class=\"team-image\"><img loading=\"lazy\" decoding=\"async\" width=\"1400\" height=\"1700\" src=\"https:\/\/meridianglobalservices.com\/wp-content\/uploads\/2025\/08\/eoghan_2800x3500.jpg\" class=\"attachment-full\" alt=\"\" title=\"eoghan_2800x3500\" srcset=\"https:\/\/meridianglobalservices.com\/wp-content\/uploads\/2025\/08\/eoghan_2800x3500.jpg 1400w, https:\/\/meridianglobalservices.com\/wp-content\/uploads\/2025\/08\/eoghan_2800x3500-247x300.jpg 247w, https:\/\/meridianglobalservices.com\/wp-content\/uploads\/2025\/08\/eoghan_2800x3500-843x1024.jpg 843w, https:\/\/meridianglobalservices.com\/wp-content\/uploads\/2025\/08\/eoghan_2800x3500-768x933.jpg 768w, https:\/\/meridianglobalservices.com\/wp-content\/uploads\/2025\/08\/eoghan_2800x3500-1265x1536.jpg 1265w, https:\/\/meridianglobalservices.com\/wp-content\/uploads\/2025\/08\/eoghan_2800x3500-10x12.jpg 10w\" sizes=\"auto, (max-width: 1400px) 100vw, 1400px\" data-attachment-id=\"11478\" data-permalink=\"https:\/\/meridianglobalservices.com\/fr\/meridian-team\/eoghan_2800x3500\/\" data-orig-file=\"https:\/\/meridianglobalservices.com\/wp-content\/uploads\/2025\/08\/eoghan_2800x3500.jpg\" data-orig-size=\"1400,1700\" data-comments-opened=\"0\" data-image-meta=\"{&quot;aperture&quot;:&quot;0&quot;,&quot;credit&quot;:&quot;&quot;,&quot;camera&quot;:&quot;&quot;,&quot;caption&quot;:&quot;&quot;,&quot;created_timestamp&quot;:&quot;0&quot;,&quot;copyright&quot;:&quot;&quot;,&quot;focal_length&quot;:&quot;0&quot;,&quot;iso&quot;:&quot;0&quot;,&quot;shutter_speed&quot;:&quot;0&quot;,&quot;title&quot;:&quot;&quot;,&quot;orientation&quot;:&quot;1&quot;}\" data-image-title=\"eoghan_2800x3500\" data-image-description=\"\" data-image-caption=\"\" data-large-file=\"https:\/\/meridianglobalservices.com\/wp-content\/uploads\/2025\/08\/eoghan_2800x3500-843x1024.jpg\" \/><\/div>\r\n                        <div class=\"team-content-text\" >\r\n                        <div class=\"team-content-text-inner\">\r\n                        <h4 >Eoghan Rogers<\/h4>\r\n                        <span class=\"team-subtitle\" >Directeur de la gestion des produits<\/span>\r\n                        <p >Eoghan a rejoint Meridian en tant que gestionnaire de la TVA en 2017. En 2022, Eoghan a \u00e9t\u00e9 nomm\u00e9 directeur de la gestion des produits et s'est concentr\u00e9 sur ARCO, la solution Meridian BTP pour S\/4 Hana qui g\u00e8re tous les \" probl\u00e8mes de TVA connus dans SAP \" pour les transactions de TVA complexes. Il travaille en \u00e9troite collaboration avec de grandes entreprises clientes qui mettent en \u0153uvre les solutions sur mesure de Meridian dans leurs syst\u00e8mes SAP, y compris notre nouveau logiciel de conformit\u00e9 \u00e0 la TVA.<\/p>\n<p>Eoghan a commenc\u00e9 sa carri\u00e8re en tant que sp\u00e9cialiste de la TVA chez Pfizer, un leader mondial de l'industrie pharmaceutique. Au cours des dix ann\u00e9es pass\u00e9es au sein de l'entreprise, Eoghan a occup\u00e9 plusieurs postes cl\u00e9s, notamment celui d'expert en TVA et en SAP et de chef de projet TVA pour la transformation SAP.<\/p>\n<p>Il est titulaire d'une licence en comptabilit\u00e9 et finance du National College of Ireland.<\/p><\/div>\r\n                        <div class=\"team-socials\"><a href=\"https:\/\/www.linkedin.com\/in\/eoghan-rogers-58441366\/\" target=\"_blank\" rel=\"noopener\"><span class=\"fab fa-linkedin-in\" ><\/span><\/a><\/div>\r\n                    <\/div>\r\n                    <\/div>\r\n                <\/div><\/div><\/div><\/div><div class=\"wpb_column vc_column_container vc_col-sm-4\"><div class=\"vc_column-inner vc_custom_1515753207107\"><div class=\"wpb_wrapper\"><div class=\"team-member design-classic\" >\r\n                    <div class=\"team-content\">\r\n                        <div class=\"team-image-overlay\"><\/div>\r\n                        <div class=\"team-image\"><img loading=\"lazy\" decoding=\"async\" width=\"1400\" height=\"1700\" src=\"https:\/\/meridianglobalservices.com\/wp-content\/uploads\/2025\/08\/christ_1400x700.jpg\" class=\"attachment-full\" alt=\"\" title=\"christ_1400x700\" srcset=\"https:\/\/meridianglobalservices.com\/wp-content\/uploads\/2025\/08\/christ_1400x700.jpg 1400w, https:\/\/meridianglobalservices.com\/wp-content\/uploads\/2025\/08\/christ_1400x700-247x300.jpg 247w, https:\/\/meridianglobalservices.com\/wp-content\/uploads\/2025\/08\/christ_1400x700-843x1024.jpg 843w, https:\/\/meridianglobalservices.com\/wp-content\/uploads\/2025\/08\/christ_1400x700-768x933.jpg 768w, https:\/\/meridianglobalservices.com\/wp-content\/uploads\/2025\/08\/christ_1400x700-1265x1536.jpg 1265w, https:\/\/meridianglobalservices.com\/wp-content\/uploads\/2025\/08\/christ_1400x700-10x12.jpg 10w\" sizes=\"auto, (max-width: 1400px) 100vw, 1400px\" data-attachment-id=\"11482\" data-permalink=\"https:\/\/meridianglobalservices.com\/fr\/meridian-team\/christ_1400x700\/\" data-orig-file=\"https:\/\/meridianglobalservices.com\/wp-content\/uploads\/2025\/08\/christ_1400x700.jpg\" data-orig-size=\"1400,1700\" data-comments-opened=\"0\" data-image-meta=\"{&quot;aperture&quot;:&quot;0&quot;,&quot;credit&quot;:&quot;&quot;,&quot;camera&quot;:&quot;&quot;,&quot;caption&quot;:&quot;&quot;,&quot;created_timestamp&quot;:&quot;0&quot;,&quot;copyright&quot;:&quot;&quot;,&quot;focal_length&quot;:&quot;0&quot;,&quot;iso&quot;:&quot;0&quot;,&quot;shutter_speed&quot;:&quot;0&quot;,&quot;title&quot;:&quot;&quot;,&quot;orientation&quot;:&quot;1&quot;}\" data-image-title=\"christ_1400x700\" data-image-description=\"\" data-image-caption=\"\" data-large-file=\"https:\/\/meridianglobalservices.com\/wp-content\/uploads\/2025\/08\/christ_1400x700-843x1024.jpg\" \/><\/div>\r\n                        <div class=\"team-content-text\" >\r\n                        <div class=\"team-content-text-inner\">\r\n                        <h4 >Christina Cawley<\/h4>\r\n                        <span class=\"team-subtitle\" >Responsable du conseil en mati\u00e8re de TVA<\/span>\r\n                        <p >Christina a rejoint Meridian en juillet 2014 et occupe actuellement le poste de Senior VAT Consultancy Manager. Christina a commenc\u00e9 sa carri\u00e8re chez Meridian en tant que conseill\u00e8re en risques commerciaux, examinant les contrats commerciaux avec les clients, conseillant l'entreprise sur tous les domaines de risque, y compris le d\u00e9veloppement et la mise en \u0153uvre de syst\u00e8mes de lutte contre le blanchiment d'argent.<\/p>\n<p>En 2020, Christina a rejoint l'\u00e9quipe de conseil en mati\u00e8re de TVA, apportant sa vaste exp\u00e9rience \u00e0 un portefeuille de clients diversifi\u00e9.<br \/>\nDans ses fonctions actuelles, elle a jou\u00e9 un r\u00f4le d\u00e9terminant en aidant les clients \u00e0 se conformer \u00e0 la l\u00e9gislation europ\u00e9enne en mati\u00e8re de TVA, en abordant un large \u00e9ventail de questions complexes li\u00e9es \u00e0 la TVA et en apportant des solutions sur mesure \u00e0 leurs diff\u00e9rents d\u00e9fis en mati\u00e8re de TVA. Plus r\u00e9cemment, Christina a activement contribu\u00e9 \u00e0 la gestion de projets de mise en \u0153uvre des solutions de technologie fiscale de Meridian dans les syst\u00e8mes SAP de grands clients, favorisant l'innovation et l'efficacit\u00e9 op\u00e9rationnelle en mati\u00e8re de conformit\u00e9 fiscale.<\/p>\n<p>Elle est titulaire d'un dipl\u00f4me en droit des soci\u00e9t\u00e9s de l'universit\u00e9 de Galway, suivi d'une licence en droit (LLB). Christina a travaill\u00e9 dans divers secteurs, depuis le d\u00e9but de sa carri\u00e8re chez Dun &amp; Bradstreet jusqu'\u00e0 la fourniture de conseils juridiques au Queenstown District Council.<\/p><\/div>\r\n                        <div class=\"team-socials\"><a href=\"https:\/\/www.linkedin.com\/in\/christina-cawley-219a64108\/\" target=\"_blank\" rel=\"noopener\"><span class=\"fab fa-linkedin-in\" ><\/span><\/a><\/div>\r\n                    <\/div>\r\n                    <\/div>\r\n                <\/div><\/div><\/div><\/div><\/div><div class=\"vc_row wpb_row vc_inner vc_row-fluid vc_custom_1515753290986 vc_row-has-padding-bottom\"><div class=\"wpb_column vc_column_container vc_col-sm-4\"><div class=\"vc_column-inner vc_custom_1515753194795\"><div class=\"wpb_wrapper\"><div class=\"team-member design-classic\" >\r\n                    <div class=\"team-content\">\r\n                        <div class=\"team-image-overlay\"><\/div>\r\n                        <div class=\"team-image\"><img loading=\"lazy\" decoding=\"async\" width=\"1400\" height=\"1700\" src=\"https:\/\/meridianglobalservices.com\/wp-content\/uploads\/2025\/08\/zdnec_1400x700.jpg\" class=\"attachment-full\" alt=\"\" title=\"zdnec_1400x700\" srcset=\"https:\/\/meridianglobalservices.com\/wp-content\/uploads\/2025\/08\/zdnec_1400x700.jpg 1400w, https:\/\/meridianglobalservices.com\/wp-content\/uploads\/2025\/08\/zdnec_1400x700-247x300.jpg 247w, https:\/\/meridianglobalservices.com\/wp-content\/uploads\/2025\/08\/zdnec_1400x700-843x1024.jpg 843w, https:\/\/meridianglobalservices.com\/wp-content\/uploads\/2025\/08\/zdnec_1400x700-768x933.jpg 768w, https:\/\/meridianglobalservices.com\/wp-content\/uploads\/2025\/08\/zdnec_1400x700-1265x1536.jpg 1265w, https:\/\/meridianglobalservices.com\/wp-content\/uploads\/2025\/08\/zdnec_1400x700-10x12.jpg 10w\" sizes=\"auto, (max-width: 1400px) 100vw, 1400px\" data-attachment-id=\"11484\" data-permalink=\"https:\/\/meridianglobalservices.com\/fr\/meridian-team\/zdnec_1400x700\/\" data-orig-file=\"https:\/\/meridianglobalservices.com\/wp-content\/uploads\/2025\/08\/zdnec_1400x700.jpg\" data-orig-size=\"1400,1700\" data-comments-opened=\"0\" data-image-meta=\"{&quot;aperture&quot;:&quot;0&quot;,&quot;credit&quot;:&quot;&quot;,&quot;camera&quot;:&quot;&quot;,&quot;caption&quot;:&quot;&quot;,&quot;created_timestamp&quot;:&quot;0&quot;,&quot;copyright&quot;:&quot;&quot;,&quot;focal_length&quot;:&quot;0&quot;,&quot;iso&quot;:&quot;0&quot;,&quot;shutter_speed&quot;:&quot;0&quot;,&quot;title&quot;:&quot;&quot;,&quot;orientation&quot;:&quot;1&quot;}\" data-image-title=\"zdnec_1400x700\" data-image-description=\"\" data-image-caption=\"\" data-large-file=\"https:\/\/meridianglobalservices.com\/wp-content\/uploads\/2025\/08\/zdnec_1400x700-843x1024.jpg\" \/><\/div>\r\n                        <div class=\"team-content-text\" >\r\n                        <div class=\"team-content-text-inner\">\r\n                        <h4 >Zdenek Vajnlich<\/h4>\r\n                        <span class=\"team-subtitle\" >Responsable TVA - Meridian International VAT Consulting<\/span>\r\n                        <p >Zdenek Vajnlich a rejoint le service international de r\u00e9cup\u00e9ration de la TVA de Meridian en mai 2006. Avant de travailler pour Meridian, il a travaill\u00e9 pour Crowe Horwath \u00e0 Vienne et \u00e0 Prague.<\/p>\n<p>Entre 2009 et 2014, Zdenek a dirig\u00e9 le d\u00e9partement de conseil en TVA de Meridian aux \u00c9tats-Unis, bas\u00e9 \u00e0 New York. Il y a d\u00e9velopp\u00e9 une solide client\u00e8le d'entreprises am\u00e9ricaines qui \u00e9tendaient leurs activit\u00e9s en Europe. Il a \u00e9t\u00e9 membre du Comit\u00e9 TVA de l'Institut des professionnels de la fiscalit\u00e9 et a r\u00e9guli\u00e8rement pris la parole lors des symposiums sur la TVA organis\u00e9s par l'IPT aux \u00c9tats-Unis.<br \/>\nDe retour en Europe en 2015, Zdenek est maintenant bas\u00e9 \u00e0 Prague et s'occupe d'une large base de clients strat\u00e9giques, principalement d'Allemagne et des \u00c9tats-Unis, en leur fournissant des services de conseil en mati\u00e8re de TVA et de mise en \u0153uvre de la conformit\u00e9. Il est responsable des projets concernant la mise en \u0153uvre de multiples enregistrements de TVA pour les nouveaux clients et fournit \u00e9galement une formation op\u00e9rationnelle sur la TVA \u00e0 de nombreuses grandes entreprises clientes, y compris leurs \u00e9quipes de comptabilit\u00e9 fournisseurs.<\/p>\n<p>Apr\u00e8s avoir \u00e9tudi\u00e9 \u00e0 l'universit\u00e9 d'\u00e9conomie de Prague et de Vienne, il est titulaire d'une ma\u00eetrise. De nationalit\u00e9 tch\u00e8que, Zdenek parle couramment l'anglais, l'allemand et le tch\u00e8que.<\/p><\/div>\r\n                        <div class=\"team-socials\"><a href=\"https:\/\/www.linkedin.com\/in\/zdenekvajnlich\/\" target=\"_blank\" rel=\"noopener\"><span class=\"fab fa-linkedin-in\" ><\/span><\/a><\/div>\r\n                    <\/div>\r\n                    <\/div>\r\n                <\/div><\/div><\/div><\/div><div class=\"wpb_column vc_column_container vc_col-sm-4\"><div class=\"vc_column-inner vc_custom_1515753201195\"><div class=\"wpb_wrapper\"><div class=\"team-member design-classic\" >\r\n                    <div class=\"team-content\">\r\n                        <div class=\"team-image-overlay\"><\/div>\r\n                        <div class=\"team-image\"><img loading=\"lazy\" decoding=\"async\" width=\"1400\" height=\"1700\" src=\"https:\/\/meridianglobalservices.com\/wp-content\/uploads\/2025\/10\/tara_1400x1700.png\" class=\"attachment-full\" alt=\"\" title=\"tara_1400x1700\" srcset=\"https:\/\/meridianglobalservices.com\/wp-content\/uploads\/2025\/10\/tara_1400x1700.png 1400w, https:\/\/meridianglobalservices.com\/wp-content\/uploads\/2025\/10\/tara_1400x1700-247x300.png 247w, https:\/\/meridianglobalservices.com\/wp-content\/uploads\/2025\/10\/tara_1400x1700-843x1024.png 843w, https:\/\/meridianglobalservices.com\/wp-content\/uploads\/2025\/10\/tara_1400x1700-768x933.png 768w, https:\/\/meridianglobalservices.com\/wp-content\/uploads\/2025\/10\/tara_1400x1700-1265x1536.png 1265w, https:\/\/meridianglobalservices.com\/wp-content\/uploads\/2025\/10\/tara_1400x1700-10x12.png 10w\" sizes=\"auto, (max-width: 1400px) 100vw, 1400px\" data-attachment-id=\"12266\" data-permalink=\"https:\/\/meridianglobalservices.com\/fr\/meridian-team\/tara_1400x1700\/\" data-orig-file=\"https:\/\/meridianglobalservices.com\/wp-content\/uploads\/2025\/10\/tara_1400x1700.png\" data-orig-size=\"1400,1700\" data-comments-opened=\"0\" data-image-meta=\"{&quot;aperture&quot;:&quot;0&quot;,&quot;credit&quot;:&quot;&quot;,&quot;camera&quot;:&quot;&quot;,&quot;caption&quot;:&quot;&quot;,&quot;created_timestamp&quot;:&quot;0&quot;,&quot;copyright&quot;:&quot;&quot;,&quot;focal_length&quot;:&quot;0&quot;,&quot;iso&quot;:&quot;0&quot;,&quot;shutter_speed&quot;:&quot;0&quot;,&quot;title&quot;:&quot;&quot;,&quot;orientation&quot;:&quot;0&quot;}\" data-image-title=\"tara_1400x1700\" data-image-description=\"\" data-image-caption=\"\" data-large-file=\"https:\/\/meridianglobalservices.com\/wp-content\/uploads\/2025\/10\/tara_1400x1700-843x1024.png\" \/><\/div>\r\n                        <div class=\"team-content-text\" >\r\n                        <div class=\"team-content-text-inner\">\r\n                        <h4 >Tara Doyle<\/h4>\r\n                        <span class=\"team-subtitle\" >Responsable TVA - Meridian International VAT Consulting<\/span>\r\n                        <p >Tara has been with Meridian for over 25 years, and in her current role as Senior VAT Manager, she supports companies throughout the EU with managing the ever-changing complexities of the European VAT landscape, by providing VAT consultancy as a central point of contact to clients from a broad spectrum of industries. She has many years experience in advising companies on their cross-border activities, as well as in managing the implementation of multiple VAT registrations and VAT compliance projects. Tara is also well practiced in handling VAT audits. Furthermore, Tara has more recently been supporting with the implementation of Meridians SAP Tax Technology solutions for our clients. Having studied in London, she holds a Joint BA Honors Degree in Modern Language, and is multilingual.<\/p><\/div>\r\n                        <div class=\"team-socials\"><a href=\"https:\/\/www.linkedin.com\/in\/tara-d-3aa22223\/\" target=\"_blank\" rel=\"noopener\"><span class=\"fab fa-linkedin-in\" ><\/span><\/a><\/div>\r\n                    <\/div>\r\n                    <\/div>\r\n                <\/div><\/div><\/div><\/div><div class=\"wpb_column vc_column_container vc_col-sm-4\"><div class=\"vc_column-inner vc_custom_1515753207107\"><div class=\"wpb_wrapper\"><div class=\"team-member design-classic\" >\r\n                    <div class=\"team-content\">\r\n                        <div class=\"team-image-overlay\"><\/div>\r\n                        <div class=\"team-image\"><img loading=\"lazy\" decoding=\"async\" width=\"1400\" height=\"1700\" src=\"https:\/\/meridianglobalservices.com\/wp-content\/uploads\/2025\/10\/geoffrey_1400x1700.png\" class=\"attachment-full\" alt=\"\" title=\"geoffrey_1400x1700\" srcset=\"https:\/\/meridianglobalservices.com\/wp-content\/uploads\/2025\/10\/geoffrey_1400x1700.png 1400w, https:\/\/meridianglobalservices.com\/wp-content\/uploads\/2025\/10\/geoffrey_1400x1700-247x300.png 247w, https:\/\/meridianglobalservices.com\/wp-content\/uploads\/2025\/10\/geoffrey_1400x1700-843x1024.png 843w, https:\/\/meridianglobalservices.com\/wp-content\/uploads\/2025\/10\/geoffrey_1400x1700-768x933.png 768w, https:\/\/meridianglobalservices.com\/wp-content\/uploads\/2025\/10\/geoffrey_1400x1700-1265x1536.png 1265w, https:\/\/meridianglobalservices.com\/wp-content\/uploads\/2025\/10\/geoffrey_1400x1700-10x12.png 10w\" sizes=\"auto, (max-width: 1400px) 100vw, 1400px\" data-attachment-id=\"12270\" data-permalink=\"https:\/\/meridianglobalservices.com\/fr\/meridian-team\/geoffrey_1400x1700\/\" data-orig-file=\"https:\/\/meridianglobalservices.com\/wp-content\/uploads\/2025\/10\/geoffrey_1400x1700.png\" data-orig-size=\"1400,1700\" data-comments-opened=\"0\" data-image-meta=\"{&quot;aperture&quot;:&quot;0&quot;,&quot;credit&quot;:&quot;&quot;,&quot;camera&quot;:&quot;&quot;,&quot;caption&quot;:&quot;&quot;,&quot;created_timestamp&quot;:&quot;0&quot;,&quot;copyright&quot;:&quot;&quot;,&quot;focal_length&quot;:&quot;0&quot;,&quot;iso&quot;:&quot;0&quot;,&quot;shutter_speed&quot;:&quot;0&quot;,&quot;title&quot;:&quot;&quot;,&quot;orientation&quot;:&quot;0&quot;}\" data-image-title=\"geoffrey_1400x1700\" data-image-description=\"\" data-image-caption=\"\" data-large-file=\"https:\/\/meridianglobalservices.com\/wp-content\/uploads\/2025\/10\/geoffrey_1400x1700-843x1024.png\" \/><\/div>\r\n                        <div class=\"team-content-text\" >\r\n                        <div class=\"team-content-text-inner\">\r\n                        <h4 >Geoffroy Charmes<\/h4>\r\n                        <span class=\"team-subtitle\" >Responsable TVA - Meridian International VAT Consulting<\/span>\r\n                        <p >Geoffroy joined Meridian in 2007 in the Dublin office and is now working in our French Office as a Senior VAT manager. Throughout his career he has been involved in the VAT Reclaim Business helping companies to recover VAT and is now mostly focused on reviewing complex supply chain and advising businesses on a wide range of international VAT issues. In more than 15 years Geoffroy has built strong relationships with Meridian\u2019s clients with the rest of the team in France and helping them to optimise and improve business planning.<\/p>\n<p>Il est titulaire d'une ma\u00eetrise en droit fiscal des affaires.<\/p><\/div>\r\n                        <div class=\"team-socials\"><a href=\"https:\/\/www.linkedin.com\/in\/geoffroy-charmes-6140853b\/\" target=\"_blank\" rel=\"noopener\"><span class=\"fab fa-linkedin-in\" ><\/span><\/a><\/div>\r\n                    <\/div>\r\n                    <\/div>\r\n                <\/div><\/div><\/div><\/div><\/div><div class=\"vc_row wpb_row vc_inner vc_row-fluid vc_custom_1515753290986 vc_row-has-padding-bottom\"><div class=\"wpb_column vc_column_container vc_col-sm-4\"><div class=\"vc_column-inner vc_custom_1515753194795\"><div class=\"wpb_wrapper\"><div class=\"team-member design-classic\" >\r\n                    <div class=\"team-content\">\r\n                        <div class=\"team-image-overlay\"><\/div>\r\n                        <div class=\"team-image\"><img loading=\"lazy\" decoding=\"async\" width=\"1400\" height=\"1700\" src=\"https:\/\/meridianglobalservices.com\/wp-content\/uploads\/2025\/10\/morena_1400x1700.png\" class=\"attachment-full\" alt=\"\" title=\"morena_1400x1700\" srcset=\"https:\/\/meridianglobalservices.com\/wp-content\/uploads\/2025\/10\/morena_1400x1700.png 1400w, https:\/\/meridianglobalservices.com\/wp-content\/uploads\/2025\/10\/morena_1400x1700-247x300.png 247w, https:\/\/meridianglobalservices.com\/wp-content\/uploads\/2025\/10\/morena_1400x1700-843x1024.png 843w, https:\/\/meridianglobalservices.com\/wp-content\/uploads\/2025\/10\/morena_1400x1700-768x933.png 768w, https:\/\/meridianglobalservices.com\/wp-content\/uploads\/2025\/10\/morena_1400x1700-1265x1536.png 1265w, https:\/\/meridianglobalservices.com\/wp-content\/uploads\/2025\/10\/morena_1400x1700-10x12.png 10w\" sizes=\"auto, (max-width: 1400px) 100vw, 1400px\" data-attachment-id=\"12273\" data-permalink=\"https:\/\/meridianglobalservices.com\/fr\/meridian-team\/morena_1400x1700\/\" data-orig-file=\"https:\/\/meridianglobalservices.com\/wp-content\/uploads\/2025\/10\/morena_1400x1700.png\" data-orig-size=\"1400,1700\" data-comments-opened=\"0\" data-image-meta=\"{&quot;aperture&quot;:&quot;0&quot;,&quot;credit&quot;:&quot;&quot;,&quot;camera&quot;:&quot;&quot;,&quot;caption&quot;:&quot;&quot;,&quot;created_timestamp&quot;:&quot;0&quot;,&quot;copyright&quot;:&quot;&quot;,&quot;focal_length&quot;:&quot;0&quot;,&quot;iso&quot;:&quot;0&quot;,&quot;shutter_speed&quot;:&quot;0&quot;,&quot;title&quot;:&quot;&quot;,&quot;orientation&quot;:&quot;0&quot;}\" data-image-title=\"morena_1400x1700\" data-image-description=\"\" data-image-caption=\"\" data-large-file=\"https:\/\/meridianglobalservices.com\/wp-content\/uploads\/2025\/10\/morena_1400x1700-843x1024.png\" \/><\/div>\r\n                        <div class=\"team-content-text\" >\r\n                        <div class=\"team-content-text-inner\">\r\n                        <h4 >Morena Messina<\/h4>\r\n                        <span class=\"team-subtitle\" >Responsable TVA - Meridian International VAT Consulting<\/span>\r\n                        <p >Morena a rejoint Meridian en 2013 et elle est Senior Manager au sein de l'\u00e9quipe Meridian International VAT Consulting. \u00c0 ce titre, elle g\u00e8re un portefeuille de clients allant des grandes multinationales de premier ordre aux entreprises multinationales en croissance, supervise un ensemble de questions complexes li\u00e9es \u00e0 la TVA dans la r\u00e9gion EMEA et interpr\u00e8te la l\u00e9gislation europ\u00e9enne et nationale en mati\u00e8re de TVA. Morena est une avocate italienne qualifi\u00e9e et elle a commenc\u00e9 sa carri\u00e8re en assistant \u00e0 des proc\u00e8s et en agissant en tant que point de contact principal pour les clients sur une base quotidienne concernant un large \u00e9ventail de questions juridiques, de contrats et de r\u00e9solutions de litiges.<\/p>\n<p>Elle est dipl\u00f4m\u00e9e et membre de l'Institut italien de droit.<\/p><\/div>\r\n                        <div class=\"team-socials\"><a href=\"https:\/\/www.linkedin.com\/in\/morena-messina-188620123\/\" target=\"_blank\" rel=\"noopener\"><span class=\"fab fa-linkedin-in\" ><\/span><\/a><\/div>\r\n                    <\/div>\r\n                    <\/div>\r\n                <\/div><\/div><\/div><\/div><div class=\"wpb_column vc_column_container vc_col-sm-4\"><div class=\"vc_column-inner vc_custom_1515753201195\"><div class=\"wpb_wrapper\"><div class=\"team-member design-classic\" >\r\n                    <div class=\"team-content\">\r\n                        <div class=\"team-image-overlay\"><\/div>\r\n                        <div class=\"team-image\"><img loading=\"lazy\" decoding=\"async\" width=\"1400\" height=\"1700\" src=\"https:\/\/meridianglobalservices.com\/wp-content\/uploads\/2025\/10\/johnd_1400x1700.png\" class=\"attachment-full\" alt=\"\" title=\"johnd_1400x1700\" srcset=\"https:\/\/meridianglobalservices.com\/wp-content\/uploads\/2025\/10\/johnd_1400x1700.png 1400w, https:\/\/meridianglobalservices.com\/wp-content\/uploads\/2025\/10\/johnd_1400x1700-247x300.png 247w, https:\/\/meridianglobalservices.com\/wp-content\/uploads\/2025\/10\/johnd_1400x1700-843x1024.png 843w, https:\/\/meridianglobalservices.com\/wp-content\/uploads\/2025\/10\/johnd_1400x1700-768x933.png 768w, https:\/\/meridianglobalservices.com\/wp-content\/uploads\/2025\/10\/johnd_1400x1700-1265x1536.png 1265w, https:\/\/meridianglobalservices.com\/wp-content\/uploads\/2025\/10\/johnd_1400x1700-10x12.png 10w\" sizes=\"auto, (max-width: 1400px) 100vw, 1400px\" data-attachment-id=\"12346\" data-permalink=\"https:\/\/meridianglobalservices.com\/fr\/meridian-team\/johnd_1400x1700\/\" data-orig-file=\"https:\/\/meridianglobalservices.com\/wp-content\/uploads\/2025\/10\/johnd_1400x1700.png\" data-orig-size=\"1400,1700\" data-comments-opened=\"0\" data-image-meta=\"{&quot;aperture&quot;:&quot;0&quot;,&quot;credit&quot;:&quot;&quot;,&quot;camera&quot;:&quot;&quot;,&quot;caption&quot;:&quot;&quot;,&quot;created_timestamp&quot;:&quot;0&quot;,&quot;copyright&quot;:&quot;&quot;,&quot;focal_length&quot;:&quot;0&quot;,&quot;iso&quot;:&quot;0&quot;,&quot;shutter_speed&quot;:&quot;0&quot;,&quot;title&quot;:&quot;&quot;,&quot;orientation&quot;:&quot;0&quot;}\" data-image-title=\"johnd_1400x1700\" data-image-description=\"\" data-image-caption=\"\" data-large-file=\"https:\/\/meridianglobalservices.com\/wp-content\/uploads\/2025\/10\/johnd_1400x1700-843x1024.png\" \/><\/div>\r\n                        <div class=\"team-content-text\" >\r\n                        <div class=\"team-content-text-inner\">\r\n                        <h4 >John Dingle<\/h4>\r\n                        <span class=\"team-subtitle\" >Directeur de la gestion des produits<\/span>\r\n                        <p >John a rejoint Meridian en 2004 et a occup\u00e9 plusieurs postes sp\u00e9cialis\u00e9s dans la d\u00e9termination de la TVA au sein de SAP.<\/p>\n<p>John a \u00e9t\u00e9 nomm\u00e9 directeur de la gestion des produits au sein du d\u00e9partement des technologies fiscales de Meridian en juillet 2021. Il a beaucoup travaill\u00e9 sur des projets complexes de d\u00e9termination de l'imp\u00f4t international, ce qui lui a permis d'acqu\u00e9rir une connaissance approfondie des d\u00e9fis auxquels sont confront\u00e9es les \u00e9quipes charg\u00e9es de la fiscalit\u00e9 indirecte.<\/p>\n<p>John joue un r\u00f4le central dans la d\u00e9finition de la strat\u00e9gie produit pour les solutions de d\u00e9termination fiscale de Meridian et dans le d\u00e9veloppement de solutions innovantes pour nos clients au sein de leurs environnements SAP. Ces solutions leur permettent de g\u00e9rer leurs transactions fiscales transfrontali\u00e8res complexes au sein de SAP.<\/p><\/div>\r\n                        <div class=\"team-socials\"><a href=\"https:\/\/www.linkedin.com\/in\/john-dingle-baa55821\/\" target=\"_blank\" rel=\"noopener\"><span class=\"fab fa-linkedin-in\" ><\/span><\/a><\/div>\r\n                    <\/div>\r\n                    <\/div>\r\n                <\/div><\/div><\/div><\/div><div class=\"wpb_column vc_column_container vc_col-sm-4\"><div class=\"vc_column-inner vc_custom_1515753207107\"><div class=\"wpb_wrapper\"><div class=\"team-member design-classic\" >\r\n                    <div class=\"team-content\">\r\n                        <div class=\"team-image-overlay\"><\/div>\r\n                        <div class=\"team-image\"><img loading=\"lazy\" decoding=\"async\" width=\"768\" height=\"933\" src=\"https:\/\/meridianglobalservices.com\/wp-content\/uploads\/2026\/06\/ryand_768x933.jpg\" class=\"attachment-full\" alt=\"\" title=\"ryand_768x933\" srcset=\"https:\/\/meridianglobalservices.com\/wp-content\/uploads\/2026\/06\/ryand_768x933.jpg 768w, https:\/\/meridianglobalservices.com\/wp-content\/uploads\/2026\/06\/ryand_768x933-247x300.jpg 247w, https:\/\/meridianglobalservices.com\/wp-content\/uploads\/2026\/06\/ryand_768x933-10x12.jpg 10w\" sizes=\"auto, (max-width: 768px) 100vw, 768px\" data-attachment-id=\"14055\" data-permalink=\"https:\/\/meridianglobalservices.com\/fr\/meridian-team\/ryand_768x933\/\" data-orig-file=\"https:\/\/meridianglobalservices.com\/wp-content\/uploads\/2026\/06\/ryand_768x933.jpg\" data-orig-size=\"768,933\" data-comments-opened=\"0\" data-image-meta=\"{&quot;aperture&quot;:&quot;0&quot;,&quot;credit&quot;:&quot;&quot;,&quot;camera&quot;:&quot;&quot;,&quot;caption&quot;:&quot;&quot;,&quot;created_timestamp&quot;:&quot;0&quot;,&quot;copyright&quot;:&quot;&quot;,&quot;focal_length&quot;:&quot;0&quot;,&quot;iso&quot;:&quot;0&quot;,&quot;shutter_speed&quot;:&quot;0&quot;,&quot;title&quot;:&quot;&quot;,&quot;orientation&quot;:&quot;1&quot;,&quot;alt&quot;:&quot;&quot;}\" data-image-title=\"ryand_768x933\" data-image-description=\"\" data-image-caption=\"\" data-large-file=\"https:\/\/meridianglobalservices.com\/wp-content\/uploads\/2026\/06\/ryand_768x933.jpg\" \/><\/div>\r\n                        <div class=\"team-content-text\" >\r\n                        <div class=\"team-content-text-inner\">\r\n                        <h4 >Ryan Devanney<\/h4>\r\n                        <span class=\"team-subtitle\" >Senior VAT Manager, International VAT consulting<\/span>\r\n                        <p >Ryan joined Meridian in 2017 and is currently a Senior VAT Manager at Meridian.<\/p>\n<p>Prior to joining Meridian, Ryan worked with HMRC as a Senior VAT Inspector, where he developed extensive expertise in VAT compliance, audits, and investigations. This experience enables him to provide clients with practical, strategic, and compliance-focused VAT advice.<\/p>\n<p>Ryan works closely with many of Meridian\u2019s largest clients across a diverse range of industries, advising on complex cross-border VAT matters throughout the EU. He has significant experience in managing VAT audits, resolving technical VAT issues, and overseeing multifaceted compliance obligations, helping clients achieve their EU VAT compliance objectives efficiently and effectively.<\/p>\n<p>Building on his strong technical VAT background, Ryan has also developed significant expertise in tax technology. He works closely with clients on the implementation of Meridian\u2019s VAT determination solution, leading key aspects of large-scale implementation projects and helping businesses streamline, automate, and optimise their VAT determination processes within SAP environments.<\/p><\/div>\r\n                        <div class=\"team-socials\"><a href=\"https:\/\/www.linkedin.com\/in\/ryan-d-791914149\/\" target=\"_blank\" rel=\"noopener\"><span class=\"fab fa-linkedin-in\" ><\/span><\/a><\/div>\r\n                    <\/div>\r\n                    <\/div>\r\n                <\/div><\/div><\/div><\/div><\/div><\/div><\/div><\/div><\/div><div class=\"vc_row-full-width vc_clearfix\"><\/div>\n<\/div>","protected":false},"excerpt":{"rendered":"Meet the Meridian teamGet to know the team behind Meridian. Nazar Zaidi Director of Product Management Nazar is currently a Director of Product Management within the Tax [...]","protected":false},"author":239137920,"featured_media":0,"parent":0,"menu_order":0,"comment_status":"closed","ping_status":"closed","template":"","meta":{"content-type":"","_wpcom_ai_launchpad_about_page":false,"_wpcom_ai_launchpad_gallery_page":false,"_wpcom_ai_launchpad_contact_page":false,"_wpcom_ai_launchpad_events_page":false,"_wpcom_ai_launchpad_video_page":false,"_wpcom_ai_launchpad_portfolio_piece":false,"footnotes":""},"class_list":["post-11451","page","type-page","status-publish","hentry"],"jetpack_likes_enabled":true,"jetpack_sharing_enabled":true,"jetpack_shortlink":"https:\/\/wp.me\/PfNysa-2YH","_links":{"self":[{"href":"https:\/\/meridianglobalservices.com\/fr\/wp-json\/wp\/v2\/pages\/11451","targetHints":{"allow":["GET"]}}],"collection":[{"href":"https:\/\/meridianglobalservices.com\/fr\/wp-json\/wp\/v2\/pages"}],"about":[{"href":"https:\/\/meridianglobalservices.com\/fr\/wp-json\/wp\/v2\/types\/page"}],"author":[{"embeddable":true,"href":"https:\/\/meridianglobalservices.com\/fr\/wp-json\/wp\/v2\/users\/239137920"}],"replies":[{"embeddable":true,"href":"https:\/\/meridianglobalservices.com\/fr\/wp-json\/wp\/v2\/comments?post=11451"}],"version-history":[{"count":36,"href":"https:\/\/meridianglobalservices.com\/fr\/wp-json\/wp\/v2\/pages\/11451\/revisions"}],"predecessor-version":[{"id":14536,"href":"https:\/\/meridianglobalservices.com\/fr\/wp-json\/wp\/v2\/pages\/11451\/revisions\/14536"}],"wp:attachment":[{"href":"https:\/\/meridianglobalservices.com\/fr\/wp-json\/wp\/v2\/media?parent=11451"}],"curies":[{"name":"wp","href":"https:\/\/api.w.org\/{rel}","templated":true}]}}